{"id":16,"date":"2016-01-28T09:42:14","date_gmt":"2016-01-28T08:42:14","guid":{"rendered":"https:\/\/www.herz-energie.at\/it\/?page_id=16"},"modified":"2023-04-04T09:51:13","modified_gmt":"2023-04-04T07:51:13","slug":"news-attualita","status":"publish","type":"page","link":"http:\/\/www.herz-energie.at\/it\/news-attualita\/","title":{"rendered":"News &#8211; Attualit\u00e0"},"content":{"rendered":"<p><div class=\"fusion-fullwidth fullwidth-box fusion-builder-row-1 nonhundred-percent-fullwidth non-hundred-percent-height-scrolling\" style=\"--awb-background-position:left bottom;--awb-border-radius-top-left:0px;--awb-border-radius-top-right:0px;--awb-border-radius-bottom-right:0px;--awb-border-radius-bottom-left:0px;\" ><div class=\"fusion-builder-row fusion-row\"><div class=\"fusion-layout-column fusion_builder_column fusion-builder-column-0 fusion_builder_column_3_5 3_5 fusion-three-fifth fusion-column-first\" style=\"--awb-padding-top:10px;--awb-padding-left:20px;--awb-overflow:hidden;--awb-bg-color:rgba(0,102,65,0.97);--awb-bg-size:cover;--awb-box-shadow:-20px 0px 0px #004f38;;--awb-border-color:#ffffff;--awb-border-style:solid;--awb-border-radius:0px 20px 20px 0px;width:60%;width:calc(60% - ( ( 4% ) * 0.6 ) );margin-right: 4%;\"><div class=\"fusion-column-wrapper fusion-column-has-shadow fusion-flex-column-wrapper-legacy\"><div class=\"fusion-text fusion-text-1\"><h1><span style=\"color: #ffffff;\">News \/ Attualit\u00e0<\/span><\/h1>\n<\/div><div class=\"fusion-clearfix\"><\/div><\/div><\/div><\/div><\/div><div class=\"fusion-fullwidth fullwidth-box fusion-builder-row-2 nonhundred-percent-fullwidth non-hundred-percent-height-scrolling\" style=\"--awb-background-position:left top;--awb-border-radius-top-left:0px;--awb-border-radius-top-right:0px;--awb-border-radius-bottom-right:0px;--awb-border-radius-bottom-left:0px;--awb-padding-top:20px;--awb-padding-right:0px;--awb-padding-bottom:95px;--awb-padding-left:0px;--awb-border-sizes-top:0px;--awb-border-sizes-bottom:0px;\" ><div class=\"fusion-builder-row fusion-row\"><div class=\"fusion-layout-column fusion_builder_column fusion-builder-column-1 fusion_builder_column_1_1 1_1 fusion-one-full fusion-column-first fusion-column-last fusion-column-no-min-height\" style=\"--awb-bg-size:cover;--awb-margin-top:0px;--awb-margin-bottom:0px;\"><div class=\"fusion-column-wrapper fusion-flex-column-wrapper-legacy\"><div class=\"fusion-blog-shortcode fusion-blog-shortcode-1 fusion-blog-archive fusion-blog-layout-medium fusion-blog-infinite\"><div class=\"fusion-posts-container fusion-posts-container-infinite fusion-posts-container-load-more fusion-no-meta-info fusion-blog-rollover\" data-pages=\"1\"><article id=\"blog-1-post-342\" class=\"fusion-post-medium post-342 post type-post status-publish format-standard has-post-thumbnail hentry category-allgemein\">\n\t<style type=\"text\/css\">\n\t\t\n\t\t\n\t\t\n\t\t\n\t\t\t<\/style>\n\n\n\t\t\t<div class=\"fusion-flexslider flexslider fusion-flexslider-loading fusion-post-slideshow\" style=\"\">\n\t\t<ul class=\"slides\">\n\t\t\t\n\t\t\t\t\t\t\t\t\t\t\t\t\t\t<li><div  class=\"fusion-image-wrapper fusion-image-size-fixed\" aria-haspopup=\"true\">\n\t\t\t\t<img decoding=\"async\" width=\"320\" height=\"202\" src=\"http:\/\/www.herz-energie.at\/it\/wp-content\/uploads\/sites\/3\/2016\/04\/HERZ-Energietechnik-al-premio-nazionale-sull\u2019innovazione-2016-320x202.jpg\" class=\"attachment-blog-medium size-blog-medium wp-post-image\" alt=\"\" srcset=\"http:\/\/www.herz-energie.at\/it\/wp-content\/uploads\/sites\/3\/2016\/04\/HERZ-Energietechnik-al-premio-nazionale-sull\u2019innovazione-2016-320x202.jpg 320w, http:\/\/www.herz-energie.at\/it\/wp-content\/uploads\/sites\/3\/2016\/04\/HERZ-Energietechnik-al-premio-nazionale-sull\u2019innovazione-2016-700x441.jpg 700w\" sizes=\"(max-width: 320px) 100vw, 320px\" \/><div class=\"fusion-rollover\">\n\t<div class=\"fusion-rollover-content\">\n\n\t\t\t\t\t\t\t\t\t\t\n\t\t\t\t\t\t\t\t\t\t\t\t\t\t\n\t\t\t\t\t\t\t\t\n\t\t\t\t\t\t\t\t\n\t\t\t\t\t\t\t\t\t\t\t\t\t\t\t\t\t\t<a class=\"fusion-rollover-gallery\" href=\"http:\/\/www.herz-energie.at\/it\/wp-content\/uploads\/sites\/3\/2016\/04\/HERZ-Energietechnik-al-premio-nazionale-sull\u2019innovazione-2016.jpg\" data-id=\"342\" data-rel=\"iLightbox[gallery]\" data-title=\"HERZ Energietechnik al premio nazionale sull\u2019innovazione 2016\" data-caption=\"\">\n\t\t\t\t\t\tGallerie\t\t\t\t\t<\/a>\n\t\t\t\t\t\t\t\t\t\t\t\t\t\t\n\t\t\n\t\t\t\t\t\t\t\t\n\t\t\t\t\t\t\t\t\n\t\t\n\t\t\t\t\t\t<a class=\"fusion-link-wrapper\" href=\"http:\/\/www.herz-energie.at\/it\/2016\/04\/04\/herz-energietechnik-al-premio-nazionale-sullinnovazione-2016\/\" aria-label=\"HERZ Energietechnik al premio nazionale sull\u2019innovazione 2016!\"><\/a>\n\t<\/div>\n<\/div>\n<\/div>\n<\/li>\n\t\t\t\n\t\t\t\n\t\t\t\t\t\t\t\t\t\t\t\t\t\t\t\t\t\t\t\t\t\t\t\t\t\t\t\t\t\t\t\t\t\t\t\t\t\t\t\t\t\t\t\t\t\t\t\t\t\t\t\t\t\t\t\t\t\t\t\t\t\t\t\t\t\t\t\t<\/ul>\n\t<\/div>\n\t<div class=\"fusion-post-content post-content\"><h2 class=\"blog-shortcode-post-title entry-title\"><a href=\"http:\/\/www.herz-energie.at\/it\/2016\/04\/04\/herz-energietechnik-al-premio-nazionale-sullinnovazione-2016\/\">HERZ Energietechnik al premio nazionale sull\u2019innovazione 2016!<\/a><\/h2><div class=\"fusion-post-content-container\"><p>Il premio per la categoria aziende industriali ottenuto al \u201cPremio per l\u2019innovazione del Burgenlad\u201d nel novembre 2015 ha dato ad HERZ un secondo riconoscimento. Grazie al sistema \u201eBIOWP-tecnologia per impianti ibridi\u201c HERZ Energietechnik non solo ha ottenuto il premio dalla giuria del Burgenland ma \u00e8 stata candidata anche al premio nazionale \u201cVERENA\u201d. Tra oltre 524 progetti nazionali presentati, HERZ ha convinto con la sua [...]<\/p><\/div><\/div><div class=\"fusion-clearfix\"><\/div><\/article>\n<article id=\"blog-1-post-341\" class=\"fusion-post-medium post-341 post type-post status-publish format-standard has-post-thumbnail hentry category-allgemein\">\n\t<style type=\"text\/css\">\n\t\t\n\t\t\n\t\t\n\t\t\n\t\t\t<\/style>\n\n\n\t\t\t<div class=\"fusion-flexslider flexslider fusion-flexslider-loading fusion-post-slideshow\" style=\"\">\n\t\t<ul class=\"slides\">\n\t\t\t\n\t\t\t\t\t\t\t\t\t\t\t\t\t\t<li><div  class=\"fusion-image-wrapper fusion-image-size-fixed\" aria-haspopup=\"true\">\n\t\t\t\t<img decoding=\"async\" width=\"320\" height=\"202\" src=\"http:\/\/www.herz-energie.at\/it\/wp-content\/uploads\/sites\/3\/2016\/04\/HERZ_Team_Energiesparmesse-Wels-it-320x202.jpg\" class=\"attachment-blog-medium size-blog-medium wp-post-image\" alt=\"\" srcset=\"http:\/\/www.herz-energie.at\/it\/wp-content\/uploads\/sites\/3\/2016\/04\/HERZ_Team_Energiesparmesse-Wels-it-320x202.jpg 320w, http:\/\/www.herz-energie.at\/it\/wp-content\/uploads\/sites\/3\/2016\/04\/HERZ_Team_Energiesparmesse-Wels-it-700x441.jpg 700w\" sizes=\"(max-width: 320px) 100vw, 320px\" \/><div class=\"fusion-rollover\">\n\t<div class=\"fusion-rollover-content\">\n\n\t\t\t\t\t\t\t\t\t\t\n\t\t\t\t\t\t\t\t\t\t\t\t\t\t\n\t\t\t\t\t\t\t\t\n\t\t\t\t\t\t\t\t\n\t\t\t\t\t\t\t\t\t\t\t\t\t\t\t\t\t\t<a class=\"fusion-rollover-gallery\" href=\"http:\/\/www.herz-energie.at\/it\/wp-content\/uploads\/sites\/3\/2016\/04\/HERZ_Team_Energiesparmesse-Wels-it.jpg\" data-id=\"341\" data-rel=\"iLightbox[gallery]\" data-title=\"HERZ_Team_Energiesparmesse-Wels-it\" data-caption=\"\">\n\t\t\t\t\t\tGallerie\t\t\t\t\t<\/a>\n\t\t\t\t\t\t\t\t\t\t\t\t\t\t\n\t\t\n\t\t\t\t\t\t\t\t\n\t\t\t\t\t\t\t\t\n\t\t\n\t\t\t\t\t\t<a class=\"fusion-link-wrapper\" href=\"http:\/\/www.herz-energie.at\/it\/2016\/04\/04\/novita-prodotti-alla-fiera-energiesparmesse-wels-2016\/\" aria-label=\"Novit\u00e0 prodotti alla fiera Energiesparmesse Wels 2016\"><\/a>\n\t<\/div>\n<\/div>\n<\/div>\n<\/li>\n\t\t\t\n\t\t\t\n\t\t\t\t\t\t\t\t\t\t\t\t\t\t\t\t\t\t\t\t\t\t\t\t\t\t\t\t\t\t\t\t\t\t\t\t\t\t\t\t\t\t\t\t\t\t\t\t\t\t\t\t\t\t\t\t\t\t\t\t\t\t\t\t\t\t\t\t<\/ul>\n\t<\/div>\n\t<div class=\"fusion-post-content post-content\"><h2 class=\"blog-shortcode-post-title entry-title\"><a href=\"http:\/\/www.herz-energie.at\/it\/2016\/04\/04\/novita-prodotti-alla-fiera-energiesparmesse-wels-2016\/\">Novit\u00e0 prodotti alla fiera Energiesparmesse Wels 2016<\/a><\/h2><div class=\"fusion-post-content-container\"><p>120 anni di HERZ \u2013 Anche nell\u2018anno del Giubileo HERZ &amp; BINDER hanno partecipato alla Energiesparmesse Wels. Grazie ad uno stand di 384 m\u00b2, dove la diversit\u00e0 della gamma di prodotti era totalmente rappresentata, i numerosi visitatori hanno potuto cogliere l\u2019opportunit\u00e0 di ottenere importanti informazioni dal nostro personale specializzato, che ha fornito inoltre soluzioni personalizzate ai diversi richiedenti. Dato il continuo sviluppo tecnologico promosso [...]<\/p><\/div><\/div><div class=\"fusion-clearfix\"><\/div><\/article>\n<article id=\"blog-1-post-95\" class=\"fusion-post-medium post-95 post type-post status-publish format-standard has-post-thumbnail hentry category-allgemein\">\n\t<style type=\"text\/css\">\n\t\t\n\t\t\n\t\t\n\t\t\n\t\t\t<\/style>\n\n\n\t\t\t<div class=\"fusion-flexslider flexslider fusion-flexslider-loading fusion-post-slideshow\" style=\"\">\n\t\t<ul class=\"slides\">\n\t\t\t\n\t\t\t\t\t\t\t\t\t\t\t\t\t\t<li><div  class=\"fusion-image-wrapper fusion-image-size-fixed\" aria-haspopup=\"true\">\n\t\t\t\t<img decoding=\"async\" width=\"320\" height=\"202\" src=\"http:\/\/www.herz-energie.at\/it\/wp-content\/uploads\/sites\/3\/2016\/01\/St.-Pius-Institut-La-grande-raccolta-fondi-320x202.jpg\" class=\"attachment-blog-medium size-blog-medium wp-post-image\" alt=\"\" srcset=\"http:\/\/www.herz-energie.at\/it\/wp-content\/uploads\/sites\/3\/2016\/01\/St.-Pius-Institut-La-grande-raccolta-fondi-320x202.jpg 320w, http:\/\/www.herz-energie.at\/it\/wp-content\/uploads\/sites\/3\/2016\/01\/St.-Pius-Institut-La-grande-raccolta-fondi-700x441.jpg 700w\" sizes=\"(max-width: 320px) 100vw, 320px\" \/><div class=\"fusion-rollover\">\n\t<div class=\"fusion-rollover-content\">\n\n\t\t\t\t\t\t\t\t\t\t\n\t\t\t\t\t\t\t\t\t\t\t\t\t\t\n\t\t\t\t\t\t\t\t\n\t\t\t\t\t\t\t\t\n\t\t\t\t\t\t\t\t\t\t\t\t\t\t\t\t\t\t<a class=\"fusion-rollover-gallery\" href=\"http:\/\/www.herz-energie.at\/it\/wp-content\/uploads\/sites\/3\/2016\/01\/St.-Pius-Institut-La-grande-raccolta-fondi.jpg\" data-id=\"95\" data-rel=\"iLightbox[gallery]\" data-title=\"St.-Pius-Institut-La-grande-raccolta-fondi\" data-caption=\"\">\n\t\t\t\t\t\tGallerie\t\t\t\t\t<\/a>\n\t\t\t\t\t\t\t\t\t\t\t\t\t\t\n\t\t\n\t\t\t\t\t\t\t\t\n\t\t\t\t\t\t\t\t\n\t\t\n\t\t\t\t\t\t<a class=\"fusion-link-wrapper\" href=\"http:\/\/www.herz-energie.at\/it\/2015\/12\/21\/herz-vossen-la-grande-raccolta-fondi\/\" aria-label=\"HERZ &#038; VOSSEN \u2013 La grande raccolta fondi\"><\/a>\n\t<\/div>\n<\/div>\n<\/div>\n<\/li>\n\t\t\t\n\t\t\t\n\t\t\t\t\t\t\t\t\t\t\t\t\t\t\t\t\t\t\t\t\t\t\t\t\t\t\t\t\t\t\t\t\t\t\t\t\t\t\t\t\t\t\t\t\t\t\t\t\t\t\t\t\t\t\t\t\t\t\t\t\t\t\t\t\t\t\t\t<\/ul>\n\t<\/div>\n\t<div class=\"fusion-post-content post-content\"><h2 class=\"blog-shortcode-post-title entry-title\"><a href=\"http:\/\/www.herz-energie.at\/it\/2015\/12\/21\/herz-vossen-la-grande-raccolta-fondi\/\">HERZ &#038; VOSSEN \u2013 La grande raccolta fondi<\/a><\/h2><div class=\"fusion-post-content-container\"><p>Dato che Natale, tra tutti, \u00e8 il periodo della beneficienza, Herz Energietechnik GmbH, assieme a Vossen GmbH &amp; Co. KG, ha iniziato a dicembre 2015 un\u2019importante campagna di raccolta fondi in tutto il territorio austriaco. L\u2019obiettivo della due aziende del Burgenland era quello di aiutare il maggior numero possibile di persone bisognose di aiuto, dandogli cos\u00ec modo di passare delle buone feste natalizie. Sono [...]<\/p><\/div><\/div><div class=\"fusion-clearfix\"><\/div><\/article>\n<article id=\"blog-1-post-96\" class=\"fusion-post-medium post-96 post type-post status-publish format-standard has-post-thumbnail hentry category-allgemein\">\n\t<style type=\"text\/css\">\n\t\t\n\t\t\n\t\t\n\t\t\n\t\t\t<\/style>\n\n\n\t\t\t<div class=\"fusion-flexslider flexslider fusion-flexslider-loading fusion-post-slideshow\" style=\"\">\n\t\t<ul class=\"slides\">\n\t\t\t\n\t\t\t\t\t\t\t\t\t\t\t\t\t\t<li><div  class=\"fusion-image-wrapper fusion-image-size-fixed\" aria-haspopup=\"true\">\n\t\t\t\t<img decoding=\"async\" width=\"320\" height=\"202\" src=\"http:\/\/www.herz-energie.at\/it\/wp-content\/uploads\/sites\/3\/2016\/01\/HW_Penz2_V2-320x202.jpg\" class=\"attachment-blog-medium size-blog-medium wp-post-image\" alt=\"\" srcset=\"http:\/\/www.herz-energie.at\/it\/wp-content\/uploads\/sites\/3\/2016\/01\/HW_Penz2_V2-320x202.jpg 320w, http:\/\/www.herz-energie.at\/it\/wp-content\/uploads\/sites\/3\/2016\/01\/HW_Penz2_V2-700x441.jpg 700w\" sizes=\"(max-width: 320px) 100vw, 320px\" \/><div class=\"fusion-rollover\">\n\t<div class=\"fusion-rollover-content\">\n\n\t\t\t\t\t\t\t\t\t\t\n\t\t\t\t\t\t\t\t\t\t\t\t\t\t\n\t\t\t\t\t\t\t\t\n\t\t\t\t\t\t\t\t\n\t\t\t\t\t\t\t\t\t\t\t\t\t\t\t\t\t\t<a class=\"fusion-rollover-gallery\" href=\"http:\/\/www.herz-energie.at\/it\/wp-content\/uploads\/sites\/3\/2016\/01\/HW_Penz2_V2.jpg\" data-id=\"96\" data-rel=\"iLightbox[gallery]\" data-title=\"HW_Penz2_V2\" data-caption=\"\">\n\t\t\t\t\t\tGallerie\t\t\t\t\t<\/a>\n\t\t\t\t\t\t\t\t\t\t\t\t\t\t\n\t\t\n\t\t\t\t\t\t\t\t\n\t\t\t\t\t\t\t\t\n\t\t\n\t\t\t\t\t\t<a class=\"fusion-link-wrapper\" href=\"http:\/\/www.herz-energie.at\/it\/2015\/12\/07\/apertura-della-centrale-termica-biomassa-di-baernbach\/\" aria-label=\"Apertura della centrale termica a biomassa di B\u00e4rnbach\"><\/a>\n\t<\/div>\n<\/div>\n<\/div>\n<\/li>\n\t\t\t\n\t\t\t\n\t\t\t\t\t\t\t\t\t\t\t\t\t\t\t\t\t\t\t\t\t\t\t\t\t\t\t\t\t\t\t\t\t\t\t\t\t\t\t\t\t\t\t\t\t\t\t\t\t\t\t\t\t\t\t\t\t\t\t\t\t\t\t\t\t\t\t\t<\/ul>\n\t<\/div>\n\t<div class=\"fusion-post-content post-content\"><h2 class=\"blog-shortcode-post-title entry-title\"><a href=\"http:\/\/www.herz-energie.at\/it\/2015\/12\/07\/apertura-della-centrale-termica-biomassa-di-baernbach\/\">Apertura della centrale termica a biomassa di B\u00e4rnbach<\/a><\/h2><div class=\"fusion-post-content-container\"><p>Dopo un periodo di lavori di 3 mesi ed investimenti per circa 2 milioni di euro \u00e8 stata inaugurata il 4 Dicembre 2015 la centrale termica a biomassa della \u00d6koenergie Penz a B\u00e4rnbach. La \u00d6koenergie Penz si occupa gi\u00e0 da 25 anni di energie rinnovabili e con questa apertura segna un altro punto importante per il futuro dell\u2019energia. Il progetto \u00e8 stato realizzato in [...]<\/p><\/div><\/div><div class=\"fusion-clearfix\"><\/div><\/article>\n<article id=\"blog-1-post-97\" class=\"fusion-post-medium post-97 post type-post status-publish format-standard has-post-thumbnail hentry category-allgemein\">\n\t<style type=\"text\/css\">\n\t\t\n\t\t\n\t\t\n\t\t\n\t\t\t<\/style>\n\n\n\t\t\t<div class=\"fusion-flexslider flexslider fusion-flexslider-loading fusion-post-slideshow\" style=\"\">\n\t\t<ul class=\"slides\">\n\t\t\t\n\t\t\t\t\t\t\t\t\t\t\t\t\t\t<li><div  class=\"fusion-image-wrapper fusion-image-size-fixed\" aria-haspopup=\"true\">\n\t\t\t\t<img decoding=\"async\" width=\"320\" height=\"202\" src=\"http:\/\/www.herz-energie.at\/it\/wp-content\/uploads\/sites\/3\/2016\/01\/Button_Energielabel_HERZ_it_WEB-320x202.jpg\" class=\"attachment-blog-medium size-blog-medium wp-post-image\" alt=\"\" srcset=\"http:\/\/www.herz-energie.at\/it\/wp-content\/uploads\/sites\/3\/2016\/01\/Button_Energielabel_HERZ_it_WEB-320x202.jpg 320w, http:\/\/www.herz-energie.at\/it\/wp-content\/uploads\/sites\/3\/2016\/01\/Button_Energielabel_HERZ_it_WEB-700x441.jpg 700w\" sizes=\"(max-width: 320px) 100vw, 320px\" \/><div class=\"fusion-rollover\">\n\t<div class=\"fusion-rollover-content\">\n\n\t\t\t\t\t\t\t\t\t\t\n\t\t\t\t\t\t\t\t\t\t\t\t\t\t\n\t\t\t\t\t\t\t\t\n\t\t\t\t\t\t\t\t\n\t\t\t\t\t\t\t\t\t\t\t\t\t\t\t\t\t\t<a class=\"fusion-rollover-gallery\" href=\"http:\/\/www.herz-energie.at\/it\/wp-content\/uploads\/sites\/3\/2016\/01\/Button_Energielabel_HERZ_it_WEB.jpg\" data-id=\"97\" data-rel=\"iLightbox[gallery]\" data-title=\"Button_Energielabel_HERZ_it_WEB\" data-caption=\"\">\n\t\t\t\t\t\tGallerie\t\t\t\t\t<\/a>\n\t\t\t\t\t\t\t\t\t\t\t\t\t\t\n\t\t\n\t\t\t\t\t\t\t\t\n\t\t\t\t\t\t\t\t\n\t\t\n\t\t\t\t\t\t<a class=\"fusion-link-wrapper\" href=\"http:\/\/www.herz-energie.at\/it\/2015\/11\/25\/etichetta-energetica-europea-per-caldaie-a-biomassa-e-pompe-di-calore\/\" aria-label=\"Etichetta energetica europea per caldaie a biomassa &#038; pompe di calore\"><\/a>\n\t<\/div>\n<\/div>\n<\/div>\n<\/li>\n\t\t\t\n\t\t\t\n\t\t\t\t\t\t\t\t\t\t\t\t\t\t\t\t\t\t\t\t\t\t\t\t\t\t\t\t\t\t\t\t\t\t\t\t\t\t\t\t\t\t\t\t\t\t\t\t\t\t\t\t\t\t\t\t\t\t\t\t\t\t\t\t\t\t\t\t<\/ul>\n\t<\/div>\n\t<div class=\"fusion-post-content post-content\"><h2 class=\"blog-shortcode-post-title entry-title\"><a href=\"http:\/\/www.herz-energie.at\/it\/2015\/11\/25\/etichetta-energetica-europea-per-caldaie-a-biomassa-e-pompe-di-calore\/\">Etichetta energetica europea per caldaie a biomassa &#038; pompe di calore<\/a><\/h2><div class=\"fusion-post-content-container\"><p>L\u2019etichetta energetica su lavatrici e frigoriferi \u00e8 presente gi\u00e0 da molti anni. Dal 26 settembre 2015 \u00e8 entrato in vigore l\u2019obbligo della classificazione energetica per gli elettrodomestici anche per le caldaie a gasolio, gas o elettriche, per le pompe di calore fino ad una potenza nominale \u2264 70 kW, preparatori ACS e serbatoi. Naturalmente le pompe di calore Herz sono gi\u00e0 in regola con [...]<\/p><\/div><\/div><div class=\"fusion-clearfix\"><\/div><\/article>\n<article id=\"blog-1-post-8\" class=\"fusion-post-medium post-8 post type-post status-publish format-standard has-post-thumbnail hentry category-allgemein\">\n\t<style type=\"text\/css\">\n\t\t\n\t\t\n\t\t\n\t\t\n\t\t\t<\/style>\n\n\n\t\t\t<div class=\"fusion-flexslider flexslider fusion-flexslider-loading fusion-post-slideshow\" style=\"\">\n\t\t<ul class=\"slides\">\n\t\t\t\n\t\t\t\t\t\t\t\t\t\t\t\t\t\t<li><div  class=\"fusion-image-wrapper fusion-image-size-fixed\" aria-haspopup=\"true\">\n\t\t\t\t<img decoding=\"async\" width=\"320\" height=\"202\" src=\"http:\/\/www.herz-energie.at\/it\/wp-content\/uploads\/sites\/3\/2015\/11\/Premio-per-linnovazione-del-Burgenland-2015-320x202.jpg\" class=\"attachment-blog-medium size-blog-medium wp-post-image\" alt=\"\" srcset=\"http:\/\/www.herz-energie.at\/it\/wp-content\/uploads\/sites\/3\/2015\/11\/Premio-per-linnovazione-del-Burgenland-2015-320x202.jpg 320w, http:\/\/www.herz-energie.at\/it\/wp-content\/uploads\/sites\/3\/2015\/11\/Premio-per-linnovazione-del-Burgenland-2015-700x441.jpg 700w\" sizes=\"(max-width: 320px) 100vw, 320px\" \/><div class=\"fusion-rollover\">\n\t<div class=\"fusion-rollover-content\">\n\n\t\t\t\t\t\t\t\t\t\t\n\t\t\t\t\t\t\t\t\t\t\t\t\t\t\n\t\t\t\t\t\t\t\t\n\t\t\t\t\t\t\t\t\n\t\t\t\t\t\t\t\t\t\t\t\t\t\t\t\t\t\t<a class=\"fusion-rollover-gallery\" href=\"http:\/\/www.herz-energie.at\/it\/wp-content\/uploads\/sites\/3\/2015\/11\/Premio-per-linnovazione-del-Burgenland-2015.jpg\" data-id=\"8\" data-rel=\"iLightbox[gallery]\" data-title=\"Premio-per-linnovazione-del-Burgenland-2015\" data-caption=\"\">\n\t\t\t\t\t\tGallerie\t\t\t\t\t<\/a>\n\t\t\t\t\t\t\t\t\t\t\t\t\t\t\n\t\t\n\t\t\t\t\t\t\t\t\n\t\t\t\t\t\t\t\t\n\t\t\n\t\t\t\t\t\t<a class=\"fusion-link-wrapper\" href=\"http:\/\/www.herz-energie.at\/it\/2015\/11\/11\/premio-per-linnovazione-del-burgenland-2015\/\" aria-label=\"Premio per l\u2019innovazione del Burgenland 2015\"><\/a>\n\t<\/div>\n<\/div>\n<\/div>\n<\/li>\n\t\t\t\n\t\t\t\n\t\t\t\t\t\t\t\t\t\t\t\t\t\t\t\t\t\t\t\t\t\t\t\t\t\t\t\t\t\t\t\t\t\t\t\t\t\t\t\t\t\t\t\t\t\t\t\t\t\t\t\t\t\t\t\t\t\t\t\t\t\t\t\t\t\t\t\t<\/ul>\n\t<\/div>\n\t<div class=\"fusion-post-content post-content\"><h2 class=\"blog-shortcode-post-title entry-title\"><a href=\"http:\/\/www.herz-energie.at\/it\/2015\/11\/11\/premio-per-linnovazione-del-burgenland-2015\/\">Premio per l\u2019innovazione del Burgenland 2015<\/a><\/h2><div class=\"fusion-post-content-container\"><p>Marted\u00ec 10.11.2015 si \u00e8 svolta nel centro culturale di Eisenstadt la manifestazione per il premio per l\u2019innovazione del Burgenland 2015. HERZ Energietechnik GmbH ha impressionato la giuria specializzata con la sua innovazione, il \u201eBIOWP \u2013 Sistema ibrido\u201d un sistema bivalente a biomassa &amp; pompa di calore a CO2 neutro, ed \u00e8 emersa come vincitrice della categoria delle aziende industriali.  Premiazione come motivazione La [...]<\/p><\/div><\/div><div class=\"fusion-clearfix\"><\/div><\/article>\n<\/div><\/div><div class=\"fusion-clearfix\"><\/div><\/div><\/div><\/div><\/div><\/p>","protected":false},"excerpt":{"rendered":"","protected":false},"author":1,"featured_media":0,"parent":0,"menu_order":0,"comment_status":"closed","ping_status":"closed","template":"","meta":{"footnotes":""},"class_list":["post-16","page","type-page","status-publish","hentry"],"yoast_head":"<!-- This site is optimized with the Yoast SEO Premium plugin v25.2 (Yoast SEO v25.2) - https:\/\/yoast.com\/wordpress\/plugins\/seo\/ -->\n<title>News - Attualit\u00e0 - HERZ Energietechnik<\/title>\n<meta name=\"robots\" content=\"index, follow, max-snippet:-1, max-image-preview:large, max-video-preview:-1\" \/>\n<link rel=\"canonical\" href=\"http:\/\/www.herz-energie.at\/it\/news-attualita\/\" \/>\n<meta property=\"og:locale\" content=\"de_DE\" \/>\n<meta property=\"og:type\" content=\"article\" \/>\n<meta property=\"og:title\" content=\"News - Attualit\u00e0\" \/>\n<meta property=\"og:url\" content=\"http:\/\/www.herz-energie.at\/it\/news-attualita\/\" \/>\n<meta property=\"og:site_name\" content=\"HERZ Energietechnik\" \/>\n<meta property=\"article:modified_time\" content=\"2023-04-04T07:51:13+00:00\" \/>\n<meta name=\"twitter:card\" content=\"summary_large_image\" \/>\n<meta name=\"twitter:label1\" content=\"Gesch\u00e4tzte Lesezeit\" \/>\n\t<meta name=\"twitter:data1\" content=\"2\u00a0Minuten\" \/>\n<script type=\"application\/ld+json\" class=\"yoast-schema-graph\">{\"@context\":\"https:\/\/schema.org\",\"@graph\":[{\"@type\":\"WebPage\",\"@id\":\"http:\/\/www.herz-energie.at\/it\/news-attualita\/\",\"url\":\"http:\/\/www.herz-energie.at\/it\/news-attualita\/\",\"name\":\"News - Attualit\u00e0 - HERZ Energietechnik\",\"isPartOf\":{\"@id\":\"http:\/\/www.herz-energie.at\/it\/#website\"},\"datePublished\":\"2016-01-28T08:42:14+00:00\",\"dateModified\":\"2023-04-04T07:51:13+00:00\",\"breadcrumb\":{\"@id\":\"http:\/\/www.herz-energie.at\/it\/news-attualita\/#breadcrumb\"},\"inLanguage\":\"de\",\"potentialAction\":[{\"@type\":\"ReadAction\",\"target\":[\"http:\/\/www.herz-energie.at\/it\/news-attualita\/\"]}]},{\"@type\":\"BreadcrumbList\",\"@id\":\"http:\/\/www.herz-energie.at\/it\/news-attualita\/#breadcrumb\",\"itemListElement\":[{\"@type\":\"ListItem\",\"position\":1,\"name\":\"Home\",\"item\":\"http:\/\/www.herz-energie.at\/it\/\"},{\"@type\":\"ListItem\",\"position\":2,\"name\":\"News &#8211; Attualit\u00e0\"}]},{\"@type\":\"WebSite\",\"@id\":\"http:\/\/www.herz-energie.at\/it\/#website\",\"url\":\"http:\/\/www.herz-energie.at\/it\/\",\"name\":\"HERZ Energietechnik\",\"description\":\"Fornitura completa per sistemi con energie rinnovabili\",\"potentialAction\":[{\"@type\":\"SearchAction\",\"target\":{\"@type\":\"EntryPoint\",\"urlTemplate\":\"http:\/\/www.herz-energie.at\/it\/?s={search_term_string}\"},\"query-input\":{\"@type\":\"PropertyValueSpecification\",\"valueRequired\":true,\"valueName\":\"search_term_string\"}}],\"inLanguage\":\"de\"}]}<\/script>\n<!-- \/ Yoast SEO Premium plugin. -->","yoast_head_json":{"title":"News - Attualit\u00e0 - HERZ Energietechnik","robots":{"index":"index","follow":"follow","max-snippet":"max-snippet:-1","max-image-preview":"max-image-preview:large","max-video-preview":"max-video-preview:-1"},"canonical":"http:\/\/www.herz-energie.at\/it\/news-attualita\/","og_locale":"de_DE","og_type":"article","og_title":"News - Attualit\u00e0","og_url":"http:\/\/www.herz-energie.at\/it\/news-attualita\/","og_site_name":"HERZ Energietechnik","article_modified_time":"2023-04-04T07:51:13+00:00","twitter_card":"summary_large_image","twitter_misc":{"Gesch\u00e4tzte Lesezeit":"2\u00a0Minuten"},"schema":{"@context":"https:\/\/schema.org","@graph":[{"@type":"WebPage","@id":"http:\/\/www.herz-energie.at\/it\/news-attualita\/","url":"http:\/\/www.herz-energie.at\/it\/news-attualita\/","name":"News - Attualit\u00e0 - HERZ Energietechnik","isPartOf":{"@id":"http:\/\/www.herz-energie.at\/it\/#website"},"datePublished":"2016-01-28T08:42:14+00:00","dateModified":"2023-04-04T07:51:13+00:00","breadcrumb":{"@id":"http:\/\/www.herz-energie.at\/it\/news-attualita\/#breadcrumb"},"inLanguage":"de","potentialAction":[{"@type":"ReadAction","target":["http:\/\/www.herz-energie.at\/it\/news-attualita\/"]}]},{"@type":"BreadcrumbList","@id":"http:\/\/www.herz-energie.at\/it\/news-attualita\/#breadcrumb","itemListElement":[{"@type":"ListItem","position":1,"name":"Home","item":"http:\/\/www.herz-energie.at\/it\/"},{"@type":"ListItem","position":2,"name":"News &#8211; Attualit\u00e0"}]},{"@type":"WebSite","@id":"http:\/\/www.herz-energie.at\/it\/#website","url":"http:\/\/www.herz-energie.at\/it\/","name":"HERZ Energietechnik","description":"Fornitura completa per sistemi con energie rinnovabili","potentialAction":[{"@type":"SearchAction","target":{"@type":"EntryPoint","urlTemplate":"http:\/\/www.herz-energie.at\/it\/?s={search_term_string}"},"query-input":{"@type":"PropertyValueSpecification","valueRequired":true,"valueName":"search_term_string"}}],"inLanguage":"de"}]}},"_links":{"self":[{"href":"http:\/\/www.herz-energie.at\/it\/wp-json\/wp\/v2\/pages\/16","targetHints":{"allow":["GET"]}}],"collection":[{"href":"http:\/\/www.herz-energie.at\/it\/wp-json\/wp\/v2\/pages"}],"about":[{"href":"http:\/\/www.herz-energie.at\/it\/wp-json\/wp\/v2\/types\/page"}],"author":[{"embeddable":true,"href":"http:\/\/www.herz-energie.at\/it\/wp-json\/wp\/v2\/users\/1"}],"replies":[{"embeddable":true,"href":"http:\/\/www.herz-energie.at\/it\/wp-json\/wp\/v2\/comments?post=16"}],"version-history":[{"count":1,"href":"http:\/\/www.herz-energie.at\/it\/wp-json\/wp\/v2\/pages\/16\/revisions"}],"predecessor-version":[{"id":988,"href":"http:\/\/www.herz-energie.at\/it\/wp-json\/wp\/v2\/pages\/16\/revisions\/988"}],"wp:attachment":[{"href":"http:\/\/www.herz-energie.at\/it\/wp-json\/wp\/v2\/media?parent=16"}],"curies":[{"name":"wp","href":"https:\/\/api.w.org\/{rel}","templated":true}]}}